{"id":679,"date":"2025-03-14T21:38:02","date_gmt":"2025-03-14T20:38:02","guid":{"rendered":"https:\/\/www.rv-eile.de\/?post_type=tribe_events&#038;p=679"},"modified":"2025-03-14T21:38:24","modified_gmt":"2025-03-14T20:38:24","slug":"raedlesmarkt-2025-anahme","status":"publish","type":"tribe_events","link":"https:\/\/www.rv-eile.de\/index.php\/event\/raedlesmarkt-2025-anahme\/","title":{"rendered":"R\u00e4dlesmarkt 2025 Anahme"},"content":{"rendered":"<blockquote>\n<p style=\"padding-left: 40px;\">Der Radfahrverein Eile Degerschlacht veranstaltet am Freitag14.03.2025 und Samstag, den 15.03.2025, seinen 35. R\u00e4dlesmarkt in der Auchterthalle in Degerschlacht.<\/p>\n<p>Der \u00fcberregional bekannte R\u00e4dlesmarkt ist jedes Jahr ein beliebter Treffpunkt f\u00fcr alle, die ihre nicht mehr ben\u00f6tigten Zweir\u00e4der verkaufen wollen oder f\u00fcr die kommende Saison einen passenden fahrbaren Untersatz suchen.<\/p>\n<p>Die Annahme der R\u00e4der findet am Freitag, 14. M\u00e4rz 2025, von 16 bis 20 Uhr statt. Der Verkauf startet am Samstag um 9 Uhr und endet um 12 Uhr. Nicht verkaufte Artikel und die Verkaufserl\u00f6se k\u00f6nnen von 12 bis 14 Uhr abgeholt werden. Nicht abgeholte R\u00e4der werden gespendet.<\/p>\n<p>Angenommen werden alle Fahrr\u00e4der, Kinderfahrzeuge und Anh\u00e4nger, die technisch in Ordnung sind. Das hei\u00dft, Gangschaltung und Bremsen m\u00fcssen funktionst\u00fcchtig sein, die Reifen d\u00fcrfen keinen Plattfu\u00df haben. Vom hochwertigen Mountainbike \u00fcber Renn-, Gravel- und Kinderr\u00e4der oder das Zweitrad f\u00fcr die Stadt oder zum Bahnhof wird alles angeboten. Wer ein E-Bike verkaufen m\u00f6chte, kann beim Fachh\u00e4ndler im Vorfeld den Zustand des Akkus auslesen und einen Diagnosebericht erstellen lassen, dies erh\u00f6ht\u00a0 die Verkaufschancen, da die Interessenten als Erstes nach dem Akku fragen. Aus Sicherheitsgr\u00fcnden werden keine gebrauchten Fahrradhelme angenommen und verkauft.<\/p>\n<p>Die Mitglieder der Eile Degerschlacht stehen gern beratend am Freitag bei der Annahme und Samstag beim Verkauf zur Verf\u00fcgung. Der Verein \u00fcbernimmt\u00a0 keine Gew\u00e4hr.<\/p>\n<p style=\"padding-left: 40px;\">Es ist nur Barzahlung m\u00f6glich.<\/p>\n<\/blockquote>\n","protected":false},"excerpt":{"rendered":"<p>Der Radfahrverein Eile Degerschlacht veranstaltet am Freitag14.03.2025 und Samstag, den 15.03.2025, seinen 35. R\u00e4dlesmarkt in der Auchterthalle in Degerschlacht. Der \u00fcberregional bekannte R\u00e4dlesmarkt ist jedes Jahr ein beliebter Treffpunkt f\u00fcr [&hellip;]<\/p>\n","protected":false},"author":1,"featured_media":0,"comment_status":"closed","ping_status":"closed","template":"","meta":{"_tribe_events_status":"","_tribe_events_status_reason":""},"tags":[],"tribe_events_cat":[11],"_links":{"self":[{"href":"https:\/\/www.rv-eile.de\/index.php\/wp-json\/wp\/v2\/tribe_events\/679"}],"collection":[{"href":"https:\/\/www.rv-eile.de\/index.php\/wp-json\/wp\/v2\/tribe_events"}],"about":[{"href":"https:\/\/www.rv-eile.de\/index.php\/wp-json\/wp\/v2\/types\/tribe_events"}],"author":[{"embeddable":true,"href":"https:\/\/www.rv-eile.de\/index.php\/wp-json\/wp\/v2\/users\/1"}],"replies":[{"embeddable":true,"href":"https:\/\/www.rv-eile.de\/index.php\/wp-json\/wp\/v2\/comments?post=679"}],"version-history":[{"count":2,"href":"https:\/\/www.rv-eile.de\/index.php\/wp-json\/wp\/v2\/tribe_events\/679\/revisions"}],"predecessor-version":[{"id":681,"href":"https:\/\/www.rv-eile.de\/index.php\/wp-json\/wp\/v2\/tribe_events\/679\/revisions\/681"}],"wp:attachment":[{"href":"https:\/\/www.rv-eile.de\/index.php\/wp-json\/wp\/v2\/media?parent=679"}],"wp:term":[{"taxonomy":"post_tag","embeddable":true,"href":"https:\/\/www.rv-eile.de\/index.php\/wp-json\/wp\/v2\/tags?post=679"},{"taxonomy":"tribe_events_cat","embeddable":true,"href":"https:\/\/www.rv-eile.de\/index.php\/wp-json\/wp\/v2\/tribe_events_cat?post=679"}],"curies":[{"name":"wp","href":"https:\/\/api.w.org\/{rel}","templated":true}]}}